{"id":3434,"date":"2022-10-05T10:03:58","date_gmt":"2022-10-05T08:03:58","guid":{"rendered":"https:\/\/jmp.demowebjalan.com\/?page_id=3434"},"modified":"2024-12-06T04:57:01","modified_gmt":"2024-12-06T03:57:01","slug":"maestri","status":"publish","type":"page","link":"https:\/\/junges-musikpodium.de\/it\/maestri\/","title":{"rendered":"Maestri"},"content":{"rendered":"\t\t<div data-elementor-type=\"wp-page\" data-elementor-id=\"3434\" class=\"elementor elementor-3434\" data-elementor-post-type=\"page\">\n\t\t\t\t\t\t<section data-particle_enable=\"false\" data-particle-mobile-disabled=\"false\" class=\"elementor-section elementor-top-section elementor-element elementor-element-7a5c5493 elementor-section-full_width elementor-section-height-min-height elementor-section-height-default elementor-section-items-middle\" data-id=\"7a5c5493\" data-element_type=\"section\" data-settings=\"{&quot;background_background&quot;:&quot;classic&quot;}\">\n\t\t\t\t\t\t\t<div class=\"elementor-background-overlay\"><\/div>\n\t\t\t\t\t\t\t<div class=\"elementor-container elementor-column-gap-default\">\n\t\t\t\t\t<div class=\"elementor-column elementor-col-100 elementor-top-column elementor-element elementor-element-4ea801c4\" data-id=\"4ea801c4\" data-element_type=\"column\">\n\t\t\t<div class=\"elementor-widget-wrap elementor-element-populated\">\n\t\t\t\t\t\t<section data-particle_enable=\"false\" data-particle-mobile-disabled=\"false\" class=\"elementor-section elementor-inner-section elementor-element elementor-element-71ac2792 elementor-section-boxed elementor-section-height-default elementor-section-height-default\" data-id=\"71ac2792\" data-element_type=\"section\">\n\t\t\t\t\t\t<div class=\"elementor-container elementor-column-gap-default\">\n\t\t\t\t\t<div class=\"elementor-column elementor-col-100 elementor-inner-column elementor-element elementor-element-56a0d308\" data-id=\"56a0d308\" data-element_type=\"column\">\n\t\t\t<div class=\"elementor-widget-wrap elementor-element-populated\">\n\t\t\t\t\t\t<div class=\"elementor-element elementor-element-2f0cf483 elementor-widget elementor-widget-heading\" data-id=\"2f0cf483\" data-element_type=\"widget\" data-widget_type=\"heading.default\">\n\t\t\t\t<div class=\"elementor-widget-container\">\n\t\t\t\t\t<h1 class=\"elementor-heading-title elementor-size-default\">Maestri<\/h1>\t\t\t\t<\/div>\n\t\t\t\t<\/div>\n\t\t\t\t\t<\/div>\n\t\t<\/div>\n\t\t\t\t\t<\/div>\n\t\t<\/section>\n\t\t\t\t\t<\/div>\n\t\t<\/div>\n\t\t\t\t\t<\/div>\n\t\t<\/section>\n\t\t\t\t<section data-particle_enable=\"false\" data-particle-mobile-disabled=\"false\" class=\"elementor-section elementor-top-section elementor-element elementor-element-5e7aec7 elementor-section-boxed elementor-section-height-default elementor-section-height-default\" data-id=\"5e7aec7\" data-element_type=\"section\">\n\t\t\t\t\t\t<div class=\"elementor-container elementor-column-gap-default\">\n\t\t\t\t\t<div class=\"elementor-column elementor-col-100 elementor-top-column elementor-element elementor-element-5b6f2759\" data-id=\"5b6f2759\" data-element_type=\"column\">\n\t\t\t<div class=\"elementor-widget-wrap elementor-element-populated\">\n\t\t\t\t\t\t<section data-particle_enable=\"false\" data-particle-mobile-disabled=\"false\" class=\"elementor-section elementor-inner-section elementor-element elementor-element-16384add elementor-hidden-tablet elementor-hidden-mobile elementor-section-boxed elementor-section-height-default elementor-section-height-default\" data-id=\"16384add\" data-element_type=\"section\">\n\t\t\t\t\t\t<div class=\"elementor-container elementor-column-gap-default\">\n\t\t\t\t\t<div class=\"elementor-column elementor-col-100 elementor-inner-column elementor-element elementor-element-62cc70b1\" data-id=\"62cc70b1\" data-element_type=\"column\">\n\t\t\t<div class=\"elementor-widget-wrap elementor-element-populated\">\n\t\t\t\t\t\t<div class=\"elementor-element elementor-element-6ae956a0 elementor-widget elementor-widget-heading\" data-id=\"6ae956a0\" data-element_type=\"widget\" data-widget_type=\"heading.default\">\n\t\t\t\t<div class=\"elementor-widget-container\">\n\t\t\t\t\t<h2 class=\"elementor-heading-title elementor-size-default\">I NOSTRI DOCENTI<\/h2>\t\t\t\t<\/div>\n\t\t\t\t<\/div>\n\t\t\t\t<div class=\"elementor-element elementor-element-a65827c elementor-widget elementor-widget-text-editor\" data-id=\"a65827c\" data-element_type=\"widget\" data-widget_type=\"text-editor.default\">\n\t\t\t\t<div class=\"elementor-widget-container\">\n\t\t\t\t\t\t\t\t\t<p>In occasione della biennale barocca 2025 \u2013 26 la direzione musicale \u00e8 affidata al violinista Gabriele Pro.<\/p><p>Nel corso di oltre 25 anni di attivit\u00e0 il progetto \u00e8 statto guidato da docenti esperti nel campo della musica antica come Andrea Marcon, Giuliano Carmignola, Ivano Zanenghi, Stefano Montanari, Mario Brunello, Alberto Busettini, Alessandro Cappelletto e Massimo Raccanelli.<\/p>\t\t\t\t\t\t\t\t<\/div>\n\t\t\t\t<\/div>\n\t\t\t\t<div class=\"elementor-element elementor-element-ab00676 elementor-hidden-mobile elementor-widget elementor-widget-eael-team-member-carousel\" data-id=\"ab00676\" data-element_type=\"widget\" data-widget_type=\"eael-team-member-carousel.default\">\n\t\t\t\t<div class=\"elementor-widget-container\">\n\t\t\t\t\t        <div class=\"swiper-container-wrap eael-team-member-carousel-wrap\">\n            <div class=\"swiper-container swiper-8-lower eael-tm-wrapper eael-tm-carousel\" id=\"swiper-container-ab00676\" data-pagination=\".swiper-pagination-ab00676\" data-arrow-next=\".swiper-button-next-ab00676\" data-arrow-prev=\".swiper-button-prev-ab00676\" data-id=\"swiper-container-ab00676\" data-items=\"5\" data-margin=\"63\" data-items-mobile=\"1\" data-margin-mobile=\"10\" data-items-tablet=\"4\" data-margin-tablet=\"10\" data-speed=\"400\" data-autoplay=\"0\">\n                <div class=\"swiper-wrapper\">\n\t\t\t\t\t                        <div class=\"swiper-slide\">\n                            <div class=\"eael-tm\">\n                                <div class=\"eael-tm-image\">\n\t\t\t\t\t\t\t\t\t<img decoding=\"async\" src=\"https:\/\/junges-musikpodium.de\/wp-content\/uploads\/2024\/12\/Gabriele-Pro-768x768.jpg\" alt=\"Gabriele Pro\">\t\t\t\t\t\t\t\t\t                                <\/div>\n\n                                <div class=\"eael-tm-content eael-tm-content-normal\">\n\t\t\t\t\t\t\t\t\t<h4 class=\"eael-tm-name\">Gabriele Pro<\/h4>\t\t<div class=\"eael-tm-position\">direzione musicale e violino<\/div>\t\t\t\t        <div class=\"eael-tm-social-links-wrap\">\n            <ul class=\"eael-tm-social-links\">\n\t\t\t\t            <\/ul>\n        <\/div>\n\t\t                                <\/div>\n                            <\/div><!-- .eael-tm -->\n                        <\/div><!-- .swiper-slide -->\n\t\t\t\t\t                        <div class=\"swiper-slide\">\n                            <div class=\"eael-tm\">\n                                <div class=\"eael-tm-image\">\n\t\t\t\t\t\t\t\t\t<img decoding=\"async\" src=\"https:\/\/junges-musikpodium.de\/wp-content\/uploads\/2022\/10\/Massimo-Raccanelli-Zaborra-.jpg\" alt=\"Massimo Raccanelli Zaborra\">\t\t\t\t\t\t\t\t\t                                <\/div>\n\n                                <div class=\"eael-tm-content eael-tm-content-normal\">\n\t\t\t\t\t\t\t\t\t<h4 class=\"eael-tm-name\">Massimo Raccanelli Zaborra<\/h4>\t\t<div class=\"eael-tm-position\">violoncello<\/div>\t\t\t\t        <div class=\"eael-tm-social-links-wrap\">\n            <ul class=\"eael-tm-social-links\">\n\t\t\t\t            <\/ul>\n        <\/div>\n\t\t                                <\/div>\n                            <\/div><!-- .eael-tm -->\n                        <\/div><!-- .swiper-slide -->\n\t\t\t\t\t                        <div class=\"swiper-slide\">\n                            <div class=\"eael-tm\">\n                                <div class=\"eael-tm-image\">\n\t\t\t\t\t\t\t\t\t<img decoding=\"async\" src=\"https:\/\/junges-musikpodium.de\/wp-content\/uploads\/2022\/10\/Alessandro-Cappelletto-.jpg\" alt=\"Alessandro Cappelletto\">\t\t\t\t\t\t\t\t\t                                <\/div>\n\n                                <div class=\"eael-tm-content eael-tm-content-normal\">\n\t\t\t\t\t\t\t\t\t<h4 class=\"eael-tm-name\">Alessandro Cappelletto<\/h4>\t\t<div class=\"eael-tm-position\">violino principale<\/div>\t\t\t\t        <div class=\"eael-tm-social-links-wrap\">\n            <ul class=\"eael-tm-social-links\">\n\t\t\t\t            <\/ul>\n        <\/div>\n\t\t                                <\/div>\n                            <\/div><!-- .eael-tm -->\n                        <\/div><!-- .swiper-slide -->\n\t\t\t\t\t                        <div class=\"swiper-slide\">\n                            <div class=\"eael-tm\">\n                                <div class=\"eael-tm-image\">\n\t\t\t\t\t\t\t\t\t<img decoding=\"async\" src=\"https:\/\/junges-musikpodium.de\/wp-content\/uploads\/2022\/10\/Ivano-Zanenghi.jpg\" alt=\"Ivano Zanenghi\">\t\t\t\t\t\t\t\t\t                                <\/div>\n\n                                <div class=\"eael-tm-content eael-tm-content-normal\">\n\t\t\t\t\t\t\t\t\t<h4 class=\"eael-tm-name\">Ivano Zanenghi<\/h4>\t\t<div class=\"eael-tm-position\">liuto e mentore di progetto<\/div>\t\t\t\t        <div class=\"eael-tm-social-links-wrap\">\n            <ul class=\"eael-tm-social-links\">\n\t\t\t\t            <\/ul>\n        <\/div>\n\t\t                                <\/div>\n                            <\/div><!-- .eael-tm -->\n                        <\/div><!-- .swiper-slide -->\n\t\t\t\t\t                        <div class=\"swiper-slide\">\n                            <div class=\"eael-tm\">\n                                <div class=\"eael-tm-image\">\n\t\t\t\t\t\t\t\t\t<img decoding=\"async\" src=\"https:\/\/junges-musikpodium.de\/wp-content\/uploads\/2022\/10\/Alberto-Busettini-.jpg\" alt=\"Alberto Busettini\">\t\t\t\t\t\t\t\t\t                                <\/div>\n\n                                <div class=\"eael-tm-content eael-tm-content-normal\">\n\t\t\t\t\t\t\t\t\t<h4 class=\"eael-tm-name\">Alberto Busettini<\/h4>\t\t<div class=\"eael-tm-position\">clavicembalo<\/div>\t\t\t\t        <div class=\"eael-tm-social-links-wrap\">\n            <ul class=\"eael-tm-social-links\">\n\t\t\t\t            <\/ul>\n        <\/div>\n\t\t                                <\/div>\n                            <\/div><!-- .eael-tm -->\n                        <\/div><!-- .swiper-slide -->\n\t\t\t\t\t                <\/div>\n            <\/div>\n\t\t\t        <\/div>\n\t\t\t\t\t\t<\/div>\n\t\t\t\t<\/div>\n\t\t\t\t\t<\/div>\n\t\t<\/div>\n\t\t\t\t\t<\/div>\n\t\t<\/section>\n\t\t\t\t\t<\/div>\n\t\t<\/div>\n\t\t\t\t\t<\/div>\n\t\t<\/section>\n\t\t\t\t<section data-particle_enable=\"false\" data-particle-mobile-disabled=\"false\" class=\"elementor-section elementor-top-section elementor-element elementor-element-9d0d09b elementor-section-boxed elementor-section-height-default elementor-section-height-default\" data-id=\"9d0d09b\" data-element_type=\"section\">\n\t\t\t\t\t\t<div class=\"elementor-container elementor-column-gap-default\">\n\t\t\t\t\t<div class=\"elementor-column elementor-col-100 elementor-top-column elementor-element elementor-element-fe65afc\" data-id=\"fe65afc\" data-element_type=\"column\">\n\t\t\t<div class=\"elementor-widget-wrap elementor-element-populated\">\n\t\t\t\t\t\t<div class=\"elementor-element elementor-element-700755a elementor-widget elementor-widget-spacer\" data-id=\"700755a\" data-element_type=\"widget\" data-widget_type=\"spacer.default\">\n\t\t\t\t<div class=\"elementor-widget-container\">\n\t\t\t\t\t\t\t<div class=\"elementor-spacer\">\n\t\t\t<div class=\"elementor-spacer-inner\"><\/div>\n\t\t<\/div>\n\t\t\t\t\t\t<\/div>\n\t\t\t\t<\/div>\n\t\t\t\t\t<\/div>\n\t\t<\/div>\n\t\t\t\t\t<\/div>\n\t\t<\/section>\n\t\t\t\t<section data-particle_enable=\"false\" data-particle-mobile-disabled=\"false\" class=\"elementor-section elementor-top-section elementor-element elementor-element-1ef0d65 elementor-section-boxed elementor-section-height-default elementor-section-height-default\" data-id=\"1ef0d65\" data-element_type=\"section\">\n\t\t\t\t\t\t<div class=\"elementor-container elementor-column-gap-default\">\n\t\t\t\t\t<div class=\"elementor-column elementor-col-100 elementor-top-column elementor-element elementor-element-3323184\" data-id=\"3323184\" data-element_type=\"column\">\n\t\t\t<div class=\"elementor-widget-wrap elementor-element-populated\">\n\t\t\t\t\t\t<div class=\"elementor-element elementor-element-58071bb elementor-widget elementor-widget-eael-testimonial-slider\" data-id=\"58071bb\" data-element_type=\"widget\" data-widget_type=\"eael-testimonial-slider.default\">\n\t\t\t\t<div class=\"elementor-widget-container\">\n\t\t\t\t\t\n        <div class=\"swiper-container-wrap eael-arrow-box eael-testimonial-slider icon-img-left-content\" id=\"eael-testimonial-58071bb\">\n\t\t\t\t\t\t            <!-- Add Arrows -->\n            <div class=\"swiper-button-next swiper-button-next-58071bb\">\n                <i class=\"fa fa-angle-right\"><\/i>\n            <\/div>\n            <div class=\"swiper-button-prev swiper-button-prev-58071bb\">\n                <i class=\"fa fa-angle-left\"><\/i>\n            <\/div>\n\t\t            <div class=\"swiper-container swiper-8-lower eael-testimonial-slider-main swiper-container-58071bb\" data-pagination=\".swiper-pagination-58071bb\" data-arrow-next=\".swiper-button-next-58071bb\" data-arrow-prev=\".swiper-button-prev-58071bb\" data-effect=\"flip\" data-speed=\"980\" data-loop=\"1\" data-grab-cursor=\"1\" data-arrows=\"1\" data-autoplay_speed=\"3000\" data-pause-on-hover=\"true\">\n\n                <div class=\"swiper-wrapper\">\n\t\t\t\t\t\n\n\t\t\t\t\t\t\n\t\t\t\t\t\t\n\t\t\t\t\t\t                        <div class=\"eael-testimonial-item clearfix swiper-slide testimonial-avatar-rounded eael-testimonial-align-left\">\n                            <div class=\"eael-testimonial-item-inner clearfix\">\n\t\t\t\t\t\t\t\t        <div class=\"eael-testimonial-image\">\n\t\t\t            <figure>\n                <img decoding=\"async\" src=\"https:\/\/jmp.demowebjalan.com\/wp-content\/uploads\/2024\/12\/Gabriele-Pro.jpg\" alt=\"\">\n            <\/figure>\n        <\/div>\n\t\t                                <div class=\"eael-testimonial-content \" style=\" height: px;\">\n\t\t\t\t\t\t\t\t\t<span class=\"eael-testimonial-quote\"><\/span><div class=\"eael-testimonial-text \"><p><strong>Gabriele Pro <\/strong>Nominato come \"uno dei giovani nomi pi\u00f9 emozionanti nella scena della musica antica\" (One to watch) dalla rivista Gramophone, Gabriele Pro si sta imponendo sulla scena internazionale come protagonista della nuova generazione di violinisti barocchi. Ha conseguito il master di violino barocco con lode e menzione d'onore sotto la guida di Enrico Onofri. \u00c8 inoltre laureato in musicologia presso l'Universit\u00e0 di Roma \"La Sapienza\". La sua attivit\u00e0 concertistica lo ha condotto ad esibirsi come solista o in ruolo di prima parte nei principali festival e stagioni concertistiche d'Europa, Asia e Stati Uniti: MA festival Brugge, MITO settembre musica, Resonanzen Wien, Tage Alter Musik - Herne, Muziekcentrum De Bijloke - Gand, Filarmonica Romana, Pomeriggi Musicali, Festival Monteverdi, Societ\u00e0 dei concerti \"B. Barattelli\". Ha suonato con numerose orchestre e gruppi da camera, tra i quali: Le Concert des Nations, Accademia Bizantina, Il Giardino Armonico, Academia Montis Regalis, Ensemble Zefiro, Enea Barock Orchestra, Venice Baroque Orchestra, Concerto Romano, La Fonte Musica. Ha collaborato ed \u00e8 stato diretto da musicisti di fama internazionale quali: Jordi Savall, Enrico Onofri, Ottavio Dantone, Giovanni Antonini, Alfredo Bernardini, Antonio Florio, Alessandro Quarta, Fabio Biondi, Dmitry Sinkovsky, Ann Hallenberg esibendosi in importanti sale da concerto quali: Carnegie Hall, Berliner Philarmonie, Philarmonie de Parigi, Het Concertgebouw, Wiener Konzerthaus, Elbphilarmonie, Teatro Massimo di Palermo, Theater an der Wien, Pierre Boulez Saal, Teatro Carlo Felice, Teatro Dal Verme. Ha inciso per Sony, Glossa, Passacaille, Alia Vox, Arcana, Cristophorus, Tactus, Dynamic, Brilliant e per le radio Rai, Orf, Wdr, BR-Klassik, Ntr. Nel 2023 viene nominato direttore musicale principale di Enea Barock Orchestra. \u00c8 fondatore e direttore musicale dell'Ensemble Anima&amp;Corpo con il quale ha pubblicato un album dedicato a sonate inedite di Giovanni Mossi e Antonio Montanari per l'etichetta Arcana - Outhere Music.<\/p><\/div>        <p class=\"eael-testimonial-user\" ><\/p>\n        <p class=\"eael-testimonial-user-company\"><\/p>\n\t\t                                <\/div>\n                            <\/div>\n                        <\/div>\n\t\t\t\t\t\n\t\t\t\t\t\t\n\n\t\t\t\t\t\t\n\t\t\t\t\t\t\n\n\t\t\t\t\t\t\n\t\t\t\t\t\t\n\n\t\t\t\t\t\t\n\t\t\t\t\t\t\n\t\t\t\t\t\t                        <div class=\"eael-testimonial-item clearfix swiper-slide testimonial-avatar-rounded eael-testimonial-align-left\">\n                            <div class=\"eael-testimonial-item-inner clearfix\">\n\t\t\t\t\t\t\t\t        <div class=\"eael-testimonial-image\">\n\t\t\t            <figure>\n                <img decoding=\"async\" src=\"https:\/\/jmp.demowebjalan.com\/wp-content\/uploads\/2024\/09\/Massimo-Raccanelli-Zaborra-.jpg\" alt=\"\">\n            <\/figure>\n        <\/div>\n\t\t                                <div class=\"eael-testimonial-content \" style=\" height: px;\">\n\t\t\t\t\t\t\t\t\t<span class=\"eael-testimonial-quote\"><\/span><div class=\"eael-testimonial-text \"><p><strong>Massimo Raccanelli Zaborra<\/strong>, nato a Treviso nel 1988, si diploma con il massimo dei voti in Violoncello nella classe di Walter Vestidello presso il Conservatorio di Castelfranco Veneto.<\/p><p>Si specializza successivamente con M.Brunello, A.Meneses ed Enrico Bronzi. Fin dalla giovane et\u00e0 partecipa a gruppi cameristici collaborando con personalit\u00e0 quali Sonig Tchakerian, Piero Toso, Mario Brunello, Domenico Nordio.\u00a0 Ha fatto parte del Quartetto \u201cLogos\u201d con cui ha effettuato concerti per significative stagioni cameristiche in Italia ed \u00e8 stato premiato al concorso \u201cCitt\u00e0 di Pieve di Soligo\u201d. Grazie all\u2019interesse per la musica antica, collabora in qualit\u00e0 di continuista con gruppi di importanza internazionale quali i Sonatori de la Giosa Marca, il Pomo d\u2019Oro, Enea Barock Orchestra.<\/p><p>Da 10 anni \u00e8 prima parte della Venice Baroque Orchestra, con cui effettua tourn\u00e9e in tutto il mondo e nelle pi\u00f9 prestigiose sale da concerto: Carnegie Hall di New York, Kennedy Center di Washington, Teatro Colon di Buenos Aires, Tokyo Opera Hall, Disney Hall di Los Angeles. Importante per la crescita artistica e musicale \u00e8 stata la stretta collaborazione e vicinanza con artisti come Andrea Marcon, Giuliano Carmignola, Stefano Montanari, Philippe Jaroussky, Magdalena Kozena, Viktoria Mullova ecc. Nel 2016 fonda assieme a Giacomo Catana, Mauro Spinazz\u00e8 e Francesco Lovato il quartetto su strumenti originali \u201cVenEthos Ensemble\u201d con cui suona per le pi\u00f9 importanti societ\u00e0 di concerti: Musikamera a Venezia, Societ\u00e0 del Quartetto di Vicenza, Amici della Musica di Padova, Societ\u00e0 Veneziana di Concerti, Comitato AMUR, Festival Risonanze, Trame Sonore di Mantova e altre. Nel 2021 viene pubblicato il loro primo CD, \u201c I Quartetti Milanesi \u201d di W.A. Mozart, che fin da subito riceve critiche entusiastiche nel panorama europeo, vedendosi assegnare il premio Diapason Decouvert dalla prestigiosa rivista francese Diapason.<\/p><p><em>Alla carriera di violoncellista affianca quella di direttore d\u2019orchestra.<\/em><\/p><p>Consegue bachelor e laurea magistrale in direzione d\u2019orchestra presso l\u2019Hochschule di Monaco di Baviera nella classe di Bruno Weil. Nel corso della sua carriera ha diretto orchestre quali: Orchestra di Padova e del Veneto, Orchestra della Citt\u00e0 di Granada, Georgischeskammerorchester di Ingolstadt, la Bundes Jungend Orchestra, la Filarmonia Veneta, la Bad Reichenhaller Philharmonie di cui \u00e8 stato per anni direttore ospite principale\u00a0 e StOrch ( Studentenorchester M\u00fcnchen) di cui \u00e8 stato direttore musicale. Dirige inoltre la Venice Baroque Orchestra presso il prestigioso Festival di Grafenegg con Xavier de Mestre in qualit\u00e0 di solista. Come direttore collabora con personalit\u00e0 di rilevanza internazionale come Mario Brunello, Thomas Demenga, Giovanni Zanon ed altri.\u00a0 Presso il Castello di Weikersheim per il conosciuto OperaFestival di Jounesse Musicales Deutschland dirige le Nozze di Figaro e Don Giovanni di Mozart.<\/p><\/div>        <p class=\"eael-testimonial-user\" ><\/p>\n        <p class=\"eael-testimonial-user-company\"><\/p>\n\t\t                                <\/div>\n                            <\/div>\n                        <\/div>\n\t\t\t\t\t\n\t\t\t\t\t\t\n\n\t\t\t\t\t\t\n\t\t\t\t\t\t\n\n\t\t\t\t\t\t\n\t\t\t\t\t\t\n\n\t\t\t\t\t\t\n\t\t\t\t\t\t\n\t\t\t\t\t\t                        <div class=\"eael-testimonial-item clearfix swiper-slide testimonial-avatar-rounded eael-testimonial-align-left\">\n                            <div class=\"eael-testimonial-item-inner clearfix\">\n\t\t\t\t\t\t\t\t        <div class=\"eael-testimonial-image\">\n\t\t\t            <figure>\n                <img decoding=\"async\" src=\"https:\/\/jmp.demowebjalan.com\/wp-content\/uploads\/2024\/09\/Alessandro-Cappelletto-.jpg\" alt=\"\">\n            <\/figure>\n        <\/div>\n\t\t                                <div class=\"eael-testimonial-content \" style=\" height: px;\">\n\t\t\t\t\t\t\t\t\t<span class=\"eael-testimonial-quote\"><\/span><div class=\"eael-testimonial-text \"><p><strong>Alessandro Cappelletto<\/strong>\u00a0ha conseguito il diploma in violino col massimo dei voti, lode e menzione di merito presso il Conservatorio \u00abAgostino Steffani\u00bb di Castelfranco Veneto sotto la guida di Marina Sarni. Si e\u0300 perfezionato in seguito con Dimitri Chichlov, Giovanni Guglielmo e con Giuliano Carmignola presso l\u2019Accademia Chigiana di Siena. Dal 2012 e\u0300 primo dei secondi violini dell\u2019Orchestra del Teatro La Fenice di Venezia. Ha collaborato con l\u2019Orchestra della Royal Opera House Covent Garden di Londra, l\u2019Orchestra del Teatro alla Scala e la Filarmonica della Scala. E\u0300 stato invitato dalla Filarmonica \u2018900 del Teatro Regio di Torino come primo violino di spalla.\u00a0 E\u2019 apparso con l\u2019Orchestra del Teatro Olimpico di Vicenza nel Secondo Concerto per violino di Prokofiev.<br \/>Fa parte della direzione musicale del progetto europeo Junges Musikpodium Dresden- Venedig, con cui tiene concerti in Italia e in Germania come solista e concertatore. Si e\u0300 diplomato in composizione col massimo dei voti sotto la guida di Nicola Straffelini. Ha ricevuto una menzione d\u2019onore al Concorso internazionale di composizione Premio Valentino Bucchi 2019.<br \/>Allievo di Donato Renzetti per la direzione d\u2019orchestra, nella stagione 2020-2021 ha diretto \u201cHistoire du soldat\u201d di Stravinskij per il Teatro La Fenice. Ha diretto \u201cPierrot Lunaire\u201d di Scho\u0308nberg a Roma per \u201cI Concerti di Ariadimusica\u201d.\u00a0 Tra i prossimi impegni il debutto alla testa dell\u2019Orchestra Regionale Filarmonia Veneta e una nuova produzione di \u201cSatyricon\u201d di Bruno Maderna per il Teatro La Fenice.<\/p><\/div>        <p class=\"eael-testimonial-user\" ><\/p>\n        <p class=\"eael-testimonial-user-company\"><\/p>\n\t\t                                <\/div>\n                            <\/div>\n                        <\/div>\n\t\t\t\t\t\n\t\t\t\t\t\t\n\n\t\t\t\t\t\t\n\t\t\t\t\t\t\n\n\t\t\t\t\t\t\n\t\t\t\t\t\t\n\n\t\t\t\t\t\t\n\t\t\t\t\t\t\n\t\t\t\t\t\t                        <div class=\"eael-testimonial-item clearfix swiper-slide testimonial-avatar-rounded eael-testimonial-align-left\">\n                            <div class=\"eael-testimonial-item-inner clearfix\">\n\t\t\t\t\t\t\t\t        <div class=\"eael-testimonial-image\">\n\t\t\t            <figure>\n                <img decoding=\"async\" src=\"https:\/\/jmp.demowebjalan.com\/wp-content\/uploads\/2022\/10\/Ivano-Zanenghi.jpg\" alt=\"\">\n            <\/figure>\n        <\/div>\n\t\t                                <div class=\"eael-testimonial-content \" style=\" height: px;\">\n\t\t\t\t\t\t\t\t\t<span class=\"eael-testimonial-quote\"><\/span><div class=\"eael-testimonial-text \"><p><strong>Ivano Zanenghi<\/strong>, nato e cresciuto musicalmente a Venezia, si \u00e8 in seguito perfezionato con Hopkinson Smith. Ha suonato nelle pi\u00f9 prestigiose sale concertistiche, tra cui Royal Albert Hall e Barbican Centre Londra, Lincoln Center e Carnegie Hall New York City, W. Disney City Hall Los Angeles, Kyoi Hall Tokyo, Tonhalle Zurigo, Konzerthaus e Philharmonie Berlino, Concertgebouw Amsterdam, Musikverein e Konzerthaus Vienna, Th\u00e9atre des Champs-Elys\u00e9es Parigi, Teatro La Fenice Venezia, Teatro alla Scala Milano. Negli anni ha collaborato con Claudio Scimone, Sir John Eliot Gardiner, Sir Simon Rattle, Ren\u00e9 Clemencic, Alan Curtis, Andrea Marcon, John Fisher e solisti quali Katia e Marielle Lab\u00e8que, Viktoria Mullova, Robert Mc Duffy, Mario Brunello, Giuliano Carmignola, Sergio Azzolini, Giovanni Guglielmo, Stefano Montanari, con grandi cantanti quali Joyce Di Donato, Simone Kermes, Cecilia Bartoli, Angelika Kirchschlager, Anna Netrebko, Magdalena Kozena, Sara Mingardo, Rockwell Blake, Andreas Scholl, Philippe Jaroussky, Max Emanuel Cencic. Ha fondato l\u2019 ensemble \u201cOpera Stravagante\u201d che ha avuto la sua prima esibizione ufficiale sotto la guida di Sir John Eliot Gardiner in occasione del concerto nella Basilica di San Marco nel quarantennale del Monteverdi Choir, con \u201cI vespri della Beata Vergine\u201d di Claudio Monteverdi. E\u2019 membro fondatore della Venice Baroque Orchestra. Ha effetuato registrazioni discografiche per Archiv (Deutsche Grammophon), Arts, ORF e Sony Classical. E docente e colonna del progetto giovanile europeo Junges Musikpodium Dresda-Venezia da 2005.<\/p><\/div>        <p class=\"eael-testimonial-user\" ><\/p>\n        <p class=\"eael-testimonial-user-company\"><\/p>\n\t\t                                <\/div>\n                            <\/div>\n                        <\/div>\n\t\t\t\t\t\n\t\t\t\t\t\t\n\n\t\t\t\t\t\t\n\t\t\t\t\t\t\n\n\t\t\t\t\t\t\n\t\t\t\t\t\t\n\n\t\t\t\t\t\t\n\t\t\t\t\t\t\n\t\t\t\t\t\t                        <div class=\"eael-testimonial-item clearfix swiper-slide testimonial-avatar-rounded eael-testimonial-align-left\">\n                            <div class=\"eael-testimonial-item-inner clearfix\">\n\t\t\t\t\t\t\t\t        <div class=\"eael-testimonial-image\">\n\t\t\t            <figure>\n                <img decoding=\"async\" src=\"https:\/\/jmp.demowebjalan.com\/wp-content\/uploads\/2022\/10\/Alberto-Busettini-.jpg\" alt=\"\">\n            <\/figure>\n        <\/div>\n\t\t                                <div class=\"eael-testimonial-content \" style=\" height: px;\">\n\t\t\t\t\t\t\t\t\t<span class=\"eael-testimonial-quote\"><\/span><div class=\"eael-testimonial-text \"><p><strong>Alberto Busettini\u00a0<\/strong>(Udine 1978), \u00e8 un cembalista consapevole del proprio stile e gusto musicale, maturato attraverso anni di esperienza, studio, e centinai di concerti in tutto il Mondo. Diploma di merito presso l\u2019Accademia Chigiana di Siena con il maestro Christophe Rousset, \u00e8 un apprezzato concertista e maestro al cembalo in diversi Festival di Musica Antica, tra i quali Grandezze e Meraviglie, Urbino Musica Antica, Festival delle Ville Venete, Wunderkammer, Berlin Alte Musik live, Settimane Musicali del Teatro Olimpico, Musikfest Kreuth, Bayreuth Baroque, Festival Monteverdi, Mozarteum Argentino, Lubiana Festival. Ha suonato con artisti di fama internazionale quali Stefano Montanari, Enrico Bronzi, Sara Mingardo, Maddalena del Gobbo, Teodoro Ba\u00f9, Alfredo Bernardini, Anna Fusek, Sergey Malov, Gabriele Cassone e molti altri.<\/p><p>Con ContrArco Baroque Ensemble \u00e8 protagonista di un\u2019intensa attivit\u00e0 concertistica in Italia e all\u2019estero. Collabora stabilmente con l\u2019Accademia d\u2019Archi Arrigoni, con la quale \u00e8 stato protagonista di una recente incisione in anteprima mondiale dedicata ai concerti per violino, archi e basso continuo di Johann Gottlieb Graun, registrati assieme al violinista Federico Guglielmo e pubblicati dalla rivista Amadeus. Tra le sue collaborazioni figurano quella con la Venice Baroque Orchestra diretta dal maestro Andrea Marcon e in qualit\u00e0 di clavicembalista e maestro di sala con il Teatro La Fenice per produzioni operistiche e concertistiche dedicate alla musica barocca. Si dedica alla formazione di giovani musicisti attraverso il ventennale progetto europeo Junges MusikPodium Dresden \u2013 Venedig, con stage e concerti in Italia e Germania. E\u2019 inoltre spesso invitato dal coro del Friuli Venezia Giulia a dirigere cicli di cantate bachiane.<\/p><p>Dal 2016 si esibisce regolarmente negli Stati Uniti, acclamato dal pubblico di prestigiose serie concertistiche Capriccio Baroque e 28chairs dedicate alla musica clavicembalistica. Dal 2017 \u00e8 Direttore Artistico del Festival Risonanze.<\/p><p>L\u2019attivit\u00e0 concertistica tocca regolarmente vari Paesi europei, l\u2019Asia e gli Stati Uniti.<\/p><\/div>        <p class=\"eael-testimonial-user\" ><\/p>\n        <p class=\"eael-testimonial-user-company\"><\/p>\n\t\t                                <\/div>\n                            <\/div>\n                        <\/div>\n\t\t\t\t\t\n\t\t\t\t\t\t\n\n\t\t\t\t\t\t\n\t\t\t\t\t\t\n\n\t\t\t\t\t\t\n\t\t\t\t\t\t                <\/div>\n\t\t\t\t            <\/div>\n\t\t\t        <\/div>\n\n\t\t\t\t\t\t<\/div>\n\t\t\t\t<\/div>\n\t\t\t\t\t<\/div>\n\t\t<\/div>\n\t\t\t\t\t<\/div>\n\t\t<\/section>\n\t\t\t\t<section data-particle_enable=\"false\" data-particle-mobile-disabled=\"false\" class=\"elementor-section elementor-top-section elementor-element elementor-element-7572920 elementor-section-boxed elementor-section-height-default elementor-section-height-default\" data-id=\"7572920\" data-element_type=\"section\">\n\t\t\t\t\t\t<div class=\"elementor-container elementor-column-gap-default\">\n\t\t\t\t\t<div class=\"elementor-column elementor-col-100 elementor-top-column elementor-element elementor-element-091332b\" data-id=\"091332b\" data-element_type=\"column\">\n\t\t\t<div class=\"elementor-widget-wrap\">\n\t\t\t\t\t\t\t<\/div>\n\t\t<\/div>\n\t\t\t\t\t<\/div>\n\t\t<\/section>\n\t\t\t\t<\/div>\n\t\t","protected":false},"excerpt":{"rendered":"<p>Maestri I NOSTRI DOCENTI In occasione della biennale barocca 2025 \u2013 26 la direzione musicale \u00e8 affidata al violinista Gabriele Pro. Nel corso di oltre 25 anni di attivit\u00e0 il progetto \u00e8 statto guidato da docenti esperti nel campo della musica antica come Andrea Marcon, Giuliano Carmignola, Ivano Zanenghi, Stefano Montanari, Mario Brunello, Alberto Busettini, [&hellip;]<\/p>\n","protected":false},"author":1,"featured_media":4004,"parent":0,"menu_order":0,"comment_status":"closed","ping_status":"closed","template":"","meta":{"footnotes":""},"class_list":["post-3434","page","type-page","status-publish","has-post-thumbnail","hentry"],"yoast_head":"<!-- This site is optimized with the Yoast SEO plugin v26.0 - https:\/\/yoast.com\/wordpress\/plugins\/seo\/ -->\n<title>Maestri - Junges Musikpodium<\/title>\n<meta name=\"description\" content=\"Maestri di fama internazionale guidano i migliori giovani musicisti di Dresda, Francia e Italia in una settimana di workshop orchestrale dedicato alla musica barocca.\" \/>\n<meta name=\"robots\" content=\"index, follow, max-snippet:-1, max-image-preview:large, max-video-preview:-1\" \/>\n<link rel=\"canonical\" href=\"https:\/\/junges-musikpodium.de\/it\/maestri\/\" \/>\n<meta property=\"og:locale\" content=\"it_IT\" \/>\n<meta property=\"og:type\" content=\"article\" \/>\n<meta property=\"og:title\" content=\"Maestri - Junges Musikpodium\" \/>\n<meta property=\"og:description\" content=\"Maestri di fama internazionale guidano i migliori giovani musicisti di Dresda, Francia e Italia in una settimana di workshop orchestrale dedicato alla musica barocca.\" \/>\n<meta property=\"og:url\" content=\"https:\/\/junges-musikpodium.de\/it\/maestri\/\" \/>\n<meta property=\"og:site_name\" content=\"Junges Musikpodium\" \/>\n<meta property=\"article:modified_time\" content=\"2024-12-06T03:57:01+00:00\" \/>\n<meta property=\"og:image\" content=\"https:\/\/junges-musikpodium.de\/wp-content\/uploads\/2022\/10\/Vicenza-2018.jpg\" \/>\n\t<meta property=\"og:image:width\" content=\"900\" \/>\n\t<meta property=\"og:image:height\" content=\"551\" \/>\n\t<meta property=\"og:image:type\" content=\"image\/jpeg\" \/>\n<meta name=\"twitter:card\" content=\"summary_large_image\" \/>\n<meta name=\"twitter:label1\" content=\"Tempo di lettura stimato\" \/>\n\t<meta name=\"twitter:data1\" content=\"14 minuti\" \/>\n<script type=\"application\/ld+json\" class=\"yoast-schema-graph\">{\"@context\":\"https:\/\/schema.org\",\"@graph\":[{\"@type\":\"WebPage\",\"@id\":\"https:\/\/junges-musikpodium.de\/it\/maestri\/\",\"url\":\"https:\/\/junges-musikpodium.de\/it\/maestri\/\",\"name\":\"Maestri - Junges Musikpodium\",\"isPartOf\":{\"@id\":\"https:\/\/junges-musikpodium.de\/it\/#website\"},\"primaryImageOfPage\":{\"@id\":\"https:\/\/junges-musikpodium.de\/it\/maestri\/#primaryimage\"},\"image\":{\"@id\":\"https:\/\/junges-musikpodium.de\/it\/maestri\/#primaryimage\"},\"thumbnailUrl\":\"https:\/\/junges-musikpodium.de\/wp-content\/uploads\/2022\/10\/Vicenza-2018.jpg\",\"datePublished\":\"2022-10-05T08:03:58+00:00\",\"dateModified\":\"2024-12-06T03:57:01+00:00\",\"description\":\"Maestri di fama internazionale guidano i migliori giovani musicisti di Dresda, Francia e Italia in una settimana di workshop orchestrale dedicato alla musica barocca.\",\"breadcrumb\":{\"@id\":\"https:\/\/junges-musikpodium.de\/it\/maestri\/#breadcrumb\"},\"inLanguage\":\"it-IT\",\"potentialAction\":[{\"@type\":\"ReadAction\",\"target\":[\"https:\/\/junges-musikpodium.de\/it\/maestri\/\"]}]},{\"@type\":\"ImageObject\",\"inLanguage\":\"it-IT\",\"@id\":\"https:\/\/junges-musikpodium.de\/it\/maestri\/#primaryimage\",\"url\":\"https:\/\/junges-musikpodium.de\/wp-content\/uploads\/2022\/10\/Vicenza-2018.jpg\",\"contentUrl\":\"https:\/\/junges-musikpodium.de\/wp-content\/uploads\/2022\/10\/Vicenza-2018.jpg\",\"width\":900,\"height\":551,\"caption\":\"Vicenza - 2018\"},{\"@type\":\"BreadcrumbList\",\"@id\":\"https:\/\/junges-musikpodium.de\/it\/maestri\/#breadcrumb\",\"itemListElement\":[{\"@type\":\"ListItem\",\"position\":1,\"name\":\"Home\",\"item\":\"https:\/\/junges-musikpodium.de\/it\/\"},{\"@type\":\"ListItem\",\"position\":2,\"name\":\"Maestri\"}]},{\"@type\":\"WebSite\",\"@id\":\"https:\/\/junges-musikpodium.de\/it\/#website\",\"url\":\"https:\/\/junges-musikpodium.de\/it\/\",\"name\":\"Junges Musikpodium\",\"description\":\"\",\"publisher\":{\"@id\":\"https:\/\/junges-musikpodium.de\/it\/#organization\"},\"potentialAction\":[{\"@type\":\"SearchAction\",\"target\":{\"@type\":\"EntryPoint\",\"urlTemplate\":\"https:\/\/junges-musikpodium.de\/it\/?s={search_term_string}\"},\"query-input\":{\"@type\":\"PropertyValueSpecification\",\"valueRequired\":true,\"valueName\":\"search_term_string\"}}],\"inLanguage\":\"it-IT\"},{\"@type\":\"Organization\",\"@id\":\"https:\/\/junges-musikpodium.de\/it\/#organization\",\"name\":\"Junges Musikpodium\",\"url\":\"https:\/\/junges-musikpodium.de\/it\/\",\"logo\":{\"@type\":\"ImageObject\",\"inLanguage\":\"it-IT\",\"@id\":\"https:\/\/junges-musikpodium.de\/it\/#\/schema\/logo\/image\/\",\"url\":\"https:\/\/junges-musikpodium.de\/wp-content\/uploads\/2022\/10\/JMPLogo.png\",\"contentUrl\":\"https:\/\/junges-musikpodium.de\/wp-content\/uploads\/2022\/10\/JMPLogo.png\",\"width\":629,\"height\":629,\"caption\":\"Junges Musikpodium\"},\"image\":{\"@id\":\"https:\/\/junges-musikpodium.de\/it\/#\/schema\/logo\/image\/\"}}]}<\/script>\n<!-- \/ Yoast SEO plugin. -->","yoast_head_json":{"title":"Maestri - Junges Musikpodium","description":"Maestri di fama internazionale guidano i migliori giovani musicisti di Dresda, Francia e Italia in una settimana di workshop orchestrale dedicato alla musica barocca.","robots":{"index":"index","follow":"follow","max-snippet":"max-snippet:-1","max-image-preview":"max-image-preview:large","max-video-preview":"max-video-preview:-1"},"canonical":"https:\/\/junges-musikpodium.de\/it\/maestri\/","og_locale":"it_IT","og_type":"article","og_title":"Maestri - Junges Musikpodium","og_description":"Maestri di fama internazionale guidano i migliori giovani musicisti di Dresda, Francia e Italia in una settimana di workshop orchestrale dedicato alla musica barocca.","og_url":"https:\/\/junges-musikpodium.de\/it\/maestri\/","og_site_name":"Junges Musikpodium","article_modified_time":"2024-12-06T03:57:01+00:00","og_image":[{"width":900,"height":551,"url":"https:\/\/junges-musikpodium.de\/wp-content\/uploads\/2022\/10\/Vicenza-2018.jpg","type":"image\/jpeg"}],"twitter_card":"summary_large_image","twitter_misc":{"Tempo di lettura stimato":"14 minuti"},"schema":{"@context":"https:\/\/schema.org","@graph":[{"@type":"WebPage","@id":"https:\/\/junges-musikpodium.de\/it\/maestri\/","url":"https:\/\/junges-musikpodium.de\/it\/maestri\/","name":"Maestri - Junges Musikpodium","isPartOf":{"@id":"https:\/\/junges-musikpodium.de\/it\/#website"},"primaryImageOfPage":{"@id":"https:\/\/junges-musikpodium.de\/it\/maestri\/#primaryimage"},"image":{"@id":"https:\/\/junges-musikpodium.de\/it\/maestri\/#primaryimage"},"thumbnailUrl":"https:\/\/junges-musikpodium.de\/wp-content\/uploads\/2022\/10\/Vicenza-2018.jpg","datePublished":"2022-10-05T08:03:58+00:00","dateModified":"2024-12-06T03:57:01+00:00","description":"Maestri di fama internazionale guidano i migliori giovani musicisti di Dresda, Francia e Italia in una settimana di workshop orchestrale dedicato alla musica barocca.","breadcrumb":{"@id":"https:\/\/junges-musikpodium.de\/it\/maestri\/#breadcrumb"},"inLanguage":"it-IT","potentialAction":[{"@type":"ReadAction","target":["https:\/\/junges-musikpodium.de\/it\/maestri\/"]}]},{"@type":"ImageObject","inLanguage":"it-IT","@id":"https:\/\/junges-musikpodium.de\/it\/maestri\/#primaryimage","url":"https:\/\/junges-musikpodium.de\/wp-content\/uploads\/2022\/10\/Vicenza-2018.jpg","contentUrl":"https:\/\/junges-musikpodium.de\/wp-content\/uploads\/2022\/10\/Vicenza-2018.jpg","width":900,"height":551,"caption":"Vicenza - 2018"},{"@type":"BreadcrumbList","@id":"https:\/\/junges-musikpodium.de\/it\/maestri\/#breadcrumb","itemListElement":[{"@type":"ListItem","position":1,"name":"Home","item":"https:\/\/junges-musikpodium.de\/it\/"},{"@type":"ListItem","position":2,"name":"Maestri"}]},{"@type":"WebSite","@id":"https:\/\/junges-musikpodium.de\/it\/#website","url":"https:\/\/junges-musikpodium.de\/it\/","name":"Junges Musikpodium","description":"","publisher":{"@id":"https:\/\/junges-musikpodium.de\/it\/#organization"},"potentialAction":[{"@type":"SearchAction","target":{"@type":"EntryPoint","urlTemplate":"https:\/\/junges-musikpodium.de\/it\/?s={search_term_string}"},"query-input":{"@type":"PropertyValueSpecification","valueRequired":true,"valueName":"search_term_string"}}],"inLanguage":"it-IT"},{"@type":"Organization","@id":"https:\/\/junges-musikpodium.de\/it\/#organization","name":"Junges Musikpodium","url":"https:\/\/junges-musikpodium.de\/it\/","logo":{"@type":"ImageObject","inLanguage":"it-IT","@id":"https:\/\/junges-musikpodium.de\/it\/#\/schema\/logo\/image\/","url":"https:\/\/junges-musikpodium.de\/wp-content\/uploads\/2022\/10\/JMPLogo.png","contentUrl":"https:\/\/junges-musikpodium.de\/wp-content\/uploads\/2022\/10\/JMPLogo.png","width":629,"height":629,"caption":"Junges Musikpodium"},"image":{"@id":"https:\/\/junges-musikpodium.de\/it\/#\/schema\/logo\/image\/"}}]}},"_links":{"self":[{"href":"https:\/\/junges-musikpodium.de\/it\/wp-json\/wp\/v2\/pages\/3434","targetHints":{"allow":["GET"]}}],"collection":[{"href":"https:\/\/junges-musikpodium.de\/it\/wp-json\/wp\/v2\/pages"}],"about":[{"href":"https:\/\/junges-musikpodium.de\/it\/wp-json\/wp\/v2\/types\/page"}],"author":[{"embeddable":true,"href":"https:\/\/junges-musikpodium.de\/it\/wp-json\/wp\/v2\/users\/1"}],"replies":[{"embeddable":true,"href":"https:\/\/junges-musikpodium.de\/it\/wp-json\/wp\/v2\/comments?post=3434"}],"version-history":[{"count":179,"href":"https:\/\/junges-musikpodium.de\/it\/wp-json\/wp\/v2\/pages\/3434\/revisions"}],"predecessor-version":[{"id":6755,"href":"https:\/\/junges-musikpodium.de\/it\/wp-json\/wp\/v2\/pages\/3434\/revisions\/6755"}],"wp:featuredmedia":[{"embeddable":true,"href":"https:\/\/junges-musikpodium.de\/it\/wp-json\/wp\/v2\/media\/4004"}],"wp:attachment":[{"href":"https:\/\/junges-musikpodium.de\/it\/wp-json\/wp\/v2\/media?parent=3434"}],"curies":[{"name":"wp","href":"https:\/\/api.w.org\/{rel}","templated":true}]}}